{"id":2701,"date":"2020-07-01T20:20:18","date_gmt":"2020-07-01T20:20:18","guid":{"rendered":"https:\/\/www.seguridad.gob.sv\/cna\/?page_id=2701"},"modified":"2024-08-28T15:51:27","modified_gmt":"2024-08-28T15:51:27","slug":"hogar-crea-reina-de-la-paz","status":"publish","type":"page","link":"https:\/\/www.seguridad.gob.sv\/cna\/?page_id=2701","title":{"rendered":"HOGAR CREA REINA DE LA PAZ"},"content":{"rendered":"<div id=\"pl-2701\"  class=\"panel-layout\" ><div id=\"pg-2701-0\"  class=\"panel-grid panel-no-style\" ><div id=\"pgc-2701-0-0\"  class=\"panel-grid-cell panel-grid-cell-empty\" ><\/div><div id=\"pgc-2701-0-1\"  class=\"panel-grid-cell panel-grid-cell-mobile-last\" ><div id=\"panel-2701-0-1-0\" class=\"so-panel widget widget_media_image panel-first-child panel-last-child\" data-index=\"0\" ><img width=\"800\" height=\"336\" src=\"https:\/\/www.seguridad.gob.sv\/cna\/wp-content\/uploads\/2024\/08\/Hogares-CREA-y-Sello-1024x430.png\" class=\"image wp-image-5864  attachment-800x336 size-800x336\" alt=\"\" decoding=\"async\" loading=\"lazy\" style=\"max-width: 100%; height: auto;\" srcset=\"https:\/\/www.seguridad.gob.sv\/cna\/wp-content\/uploads\/2024\/08\/Hogares-CREA-y-Sello-1024x430.png 1024w, https:\/\/www.seguridad.gob.sv\/cna\/wp-content\/uploads\/2024\/08\/Hogares-CREA-y-Sello-300x126.png 300w, https:\/\/www.seguridad.gob.sv\/cna\/wp-content\/uploads\/2024\/08\/Hogares-CREA-y-Sello-768x323.png 768w, https:\/\/www.seguridad.gob.sv\/cna\/wp-content\/uploads\/2024\/08\/Hogares-CREA-y-Sello-1536x646.png 1536w, https:\/\/www.seguridad.gob.sv\/cna\/wp-content\/uploads\/2024\/08\/Hogares-CREA-y-Sello-2048x861.png 2048w\" sizes=\"(max-width: 800px) 100vw, 800px\" \/><\/div><\/div><div id=\"pgc-2701-0-2\"  class=\"panel-grid-cell panel-grid-cell-empty\" ><\/div><\/div><div id=\"pg-2701-1\"  class=\"panel-grid panel-no-style\" ><div id=\"pgc-2701-1-0\"  class=\"panel-grid-cell panel-grid-cell-empty\" ><\/div><\/div><div id=\"pg-2701-2\"  class=\"panel-grid panel-no-style\" ><div id=\"pgc-2701-2-0\"  class=\"panel-grid-cell\" ><div id=\"panel-2701-2-0-0\" class=\"so-panel widget widget_black-studio-tinymce widget_black_studio_tinymce panel-first-child panel-last-child\" data-index=\"1\" ><div class=\"textwidget\"><p style=\"text-align: justify;\"><span style=\"font-size: 14pt;\">Desde hace 24 a\u00f1os, venimos realizando todos los esfuerzos para apoyar al pueblo salvadore\u00f1o, trabajando directamente con el enfermo en Adicto a sustancias psicoactivas y por inercia propia, combatiendo este binomio Drogas-Violencia. A trav\u00e9s de implementar un tratamiento especializado, con orientaci\u00f3n Bio-Psico-Social-Espiritual-\u00c9tico, en ambiente de internamiento por 20 meses como m\u00ednimo. Somos una ONG sin fines de lucro, inscrita en Ministerio de Gobernaci\u00f3n, trabajamos en la prevenci\u00f3n indicada, en el tratamiento y en la reinserci\u00f3n social de ADICTOS, con cuadro de dependencia a Sustancias Psicoactivas. Actualmente funcionan 4 Hogares CREA, el Hogar CREA Mar\u00eda Auxiliadora (masculino), ubicado en Panchimalco, el Hogar CREA \u201cGuadalupe de Calles\u201d (femenino), en San Salvador, <strong>el Hogar CREA Reina de la Paz (masculino) en San Miguel<\/strong> y el Hogar CREA Sant\u00edsima Trinidad (masculino), ubicado en la ciudad de Sonsonate. Constituidos todos ellos, legalmente como Asociaci\u00f3n de Hogares CREA de El Salvador.<\/span><\/p>\n<p style=\"text-align: justify;\"><span style=\"font-size: 14pt;\">El Programa de Hogares CREA, atiende a personas de ambos sexos de 18 a\u00f1os en adelante, sin importar sexo, religi\u00f3n, condici\u00f3n econ\u00f3mica.\u00a0 Incluye 14 modalidades de terapia. A la fecha se han beneficiado 468 reeducados que est\u00e1n insertados en la comunidad, fruto de la ardua labor que se realiza. Adem\u00e1s, se ha brindado ayuda a miles de familias que nos buscan para orientaci\u00f3n. Nuestra metodolog\u00eda consiste en mantener, un Ambiente Terap\u00e9utico, los 365 d\u00edas del a\u00f1o, las 24 horas del d\u00eda, a trav\u00e9s de implementar 14 modalidades de terapia. \u00c9sto es el motor del proceso terap\u00e9utico individual y grupal, pero el catalizador es el mismo paciente, quien colabora en su propio tratamiento y en el colectivo, en un esquema de presi\u00f3n psicol\u00f3gica, parecido a la realidad familiar y social.<\/span><\/p>\n<p style=\"text-align: justify;\"><span style=\"font-size: 14pt;\">Dr. Manuel Salvador Morales, Director M\u00e9dico, Asociaci\u00f3n de Hogares CREA de El Salvador<\/span><\/p>\n<\/div><\/div><\/div><\/div><div id=\"pg-2701-3\"  class=\"panel-grid panel-no-style\" ><div id=\"pgc-2701-3-0\"  class=\"panel-grid-cell\" ><div id=\"panel-2701-3-0-0\" class=\"so-panel widget widget_black-studio-tinymce widget_black_studio_tinymce panel-first-child panel-last-child\" data-index=\"2\" ><div class=\"textwidget\"><table class=\" aligncenter\" style=\"height: 467px; width: 62.4378%; border-collapse: collapse; border-style: solid; border-color: #89888c;\">\n<tbody>\n<tr style=\"height: 24px;\">\n<td style=\"width: 42.9114%; height: 24px; text-align: left;\"><span style=\"color: #000000;\"><strong><span style=\"font-family: 'times new roman', times, serif; font-size: 14pt;\">Nombre del Director:<\/span><\/strong><\/span><\/td>\n<td style=\"width: 56.7089%; text-align: left; height: 24px;\"><span style=\"font-size: 14pt;\">EDWIN ALEJANDRO ZALDA\u00d1A<\/span><\/td>\n<\/tr>\n<tr>\n<td style=\"width: 42.9114%; text-align: left;\"><span style=\"font-family: 'times new roman', times, serif; font-size: 14pt; color: #000000;\"><strong>Ubicaci\u00f3n:<\/strong><\/span><\/td>\n<td style=\"width: 56.7089%; text-align: left;\"><span style=\"font-size: 14pt;\">SAN MIGUEL<\/span><\/td>\n<\/tr>\n<tr>\n<td style=\"width: 42.9114%; text-align: left;\"><span style=\"font-family: 'times new roman', times, serif; font-size: 14pt; color: #000000;\"><strong>Tipo de organizaci\u00f3n:<\/strong><\/span><\/td>\n<td style=\"width: 56.7089%; text-align: left;\"><span style=\"font-size: 14pt;\">ONG<\/span><\/td>\n<\/tr>\n<tr>\n<td style=\"width: 42.9114%; text-align: left;\"><span style=\"font-family: 'times new roman', times, serif; font-size: 14pt; color: #000000;\"><strong>Tipo de intervenci\u00f3n:<\/strong><\/span><\/td>\n<td style=\"width: 56.7089%; text-align: left;\"><span style=\"font-size: 14pt;\">Residencial<\/span><\/td>\n<\/tr>\n<tr>\n<td style=\"width: 42.9114%; text-align: left;\"><span style=\"font-family: 'times new roman', times, serif; font-size: 14pt; color: #000000;\"><strong>Poblaci\u00f3n a la que est\u00e1n dirigidas las intervenciones:<\/strong><\/span><\/td>\n<td style=\"width: 56.7089%; text-align: left;\"><span style=\"font-size: 14pt;\">Hombres de 18 a 55 a\u00f1os de edad, con dependencia a sustancias psicoactivas<\/span><\/td>\n<\/tr>\n<tr>\n<td style=\"width: 42.9114%; text-align: left;\"><span style=\"font-family: 'times new roman', times, serif; font-size: 14pt; color: #000000;\"><strong><span style=\"font-family: 'times new roman', times, serif;\">Tel\u00e9fono de contacto:<\/span><\/strong><\/span><\/td>\n<td style=\"width: 56.7089%; text-align: left;\"><span style=\"font-size: 14pt;\">2213-9920<\/span><\/td>\n<\/tr>\n<tr style=\"height: 65px;\">\n<td style=\"width: 42.9114%; text-align: left; height: 65px;\"><span style=\"font-family: 'times new roman', times, serif; color: #000000; font-size: 14pt;\"><strong> Correo electr\u00f3nico:<\/strong><\/span><\/td>\n<td style=\"width: 56.7089%; height: 65px;\">\n<p style=\"text-align: left;\"><span style=\"font-size: 14pt; color: #0000ff;\"><a href=\"mailto:hogarcreasanmiguel2001@gmail.com\">hogarcreasanmiguel2001@gmail.com<\/a> <\/span><\/p>\n<p style=\"text-align: left;\"><span style=\"font-size: 14pt;\"><a href=\"mailto:hogarcreass@yahoo.com\">hogarcreass@yahoo.com<\/a><\/span><\/p>\n<\/td>\n<\/tr>\n<tr>\n<td style=\"width: 42.9114%; text-align: left;\"><span style=\"font-family: 'times new roman', times, serif; color: #000000; font-size: 14pt;\"><strong>Redes Sociales:<\/strong><\/span><\/td>\n<td style=\"width: 56.7089%;\"><a href=\"https:\/\/es-a.facebook.com\/HogaresCREASV\/\" target=\"_blank\" rel=\"noopener\"><img class=\"wp-image-1945 alignleft\" src=\"https:\/\/www.seguridad.gob.sv\/cna\/wp-content\/uploads\/2019\/09\/facebook.png\" alt=\"\" width=\"93\" height=\"83\" \/><\/a><a href=\"https:\/\/www.instagram.com\/missiontoelsalvador\/\" target=\"_blank\" rel=\"noopener\">\u00a0 \u00a0\u00a0<\/a> <a href=\"https:\/\/hogarescreaelsalvador.com\/2015\/01\/19\/hogar-crea-reina-de-la-paz\/\" target=\"_blank\" rel=\"noopener\"><img class=\"wp-image-2620 alignleft\" src=\"https:\/\/www.seguridad.gob.sv\/cna\/wp-content\/uploads\/2020\/06\/sitio.png\" alt=\"\" width=\"79\" height=\"79\" \/><\/a><\/td>\n<\/tr>\n<\/tbody>\n<\/table>\n<\/div><\/div><\/div><\/div><div id=\"pg-2701-4\"  class=\"panel-grid panel-no-style\" ><div id=\"pgc-2701-4-0\"  class=\"panel-grid-cell\" ><div id=\"panel-2701-4-0-0\" class=\"so-panel widget widget_black-studio-tinymce widget_black_studio_tinymce panel-first-child panel-last-child\" data-index=\"3\" ><div class=\"textwidget\"><p><a href=\"https:\/\/www.seguridad.gob.sv\/cna\/wp-content\/uploads\/2020\/06\/Reina-de-la-paz_1.jpg\"><img class=\"size-full wp-image-2707 aligncenter\" src=\"https:\/\/www.seguridad.gob.sv\/cna\/wp-content\/uploads\/2020\/06\/Reina-de-la-paz_1.jpg\" alt=\"\" width=\"711\" height=\"534\" \/><\/a><\/p>\n<\/div><\/div><\/div><div id=\"pgc-2701-4-1\"  class=\"panel-grid-cell panel-grid-cell-empty\" ><\/div><div id=\"pgc-2701-4-2\"  class=\"panel-grid-cell\" ><div id=\"panel-2701-4-2-0\" class=\"so-panel widget widget_black-studio-tinymce widget_black_studio_tinymce panel-first-child panel-last-child\" data-index=\"4\" ><div class=\"textwidget\"><p><a href=\"https:\/\/www.seguridad.gob.sv\/cna\/wp-content\/uploads\/2020\/06\/Reina-de-la-paz_2.jpg\"><img class=\"size-full wp-image-2708 aligncenter\" src=\"https:\/\/www.seguridad.gob.sv\/cna\/wp-content\/uploads\/2020\/06\/Reina-de-la-paz_2.jpg\" alt=\"\" width=\"711\" height=\"534\" \/><\/a><\/p>\n<\/div><\/div><\/div><\/div><div id=\"pg-2701-5\"  class=\"panel-grid panel-no-style\" ><div id=\"pgc-2701-5-0\"  class=\"panel-grid-cell\" ><div id=\"panel-2701-5-0-0\" class=\"so-panel widget widget_black-studio-tinymce widget_black_studio_tinymce panel-first-child panel-last-child\" data-index=\"5\" ><div class=\"textwidget\"><p><a href=\"https:\/\/www.seguridad.gob.sv\/cna\/wp-content\/uploads\/2020\/07\/Denuncias-scaled.jpg\"><img class=\"size-full wp-image-2838 aligncenter\" src=\"https:\/\/www.seguridad.gob.sv\/cna\/wp-content\/uploads\/2020\/07\/Denuncias-scaled.jpg\" alt=\"\" width=\"2560\" height=\"240\" \/><\/a><\/p>\n<\/div><\/div><\/div><\/div><\/div>","protected":false},"excerpt":{"rendered":"<p>Desde hace 24 a\u00f1os, venimos realizando todos los esfuerzos para apoyar al pueblo salvadore\u00f1o, trabajando directamente con el enfermo en Adicto a sustancias psicoactivas y por inercia propia, combatiendo este binomio Drogas-Violencia. A trav\u00e9s&#46;&#46;&#46;<\/p>\n","protected":false},"author":1,"featured_media":0,"parent":0,"menu_order":0,"comment_status":"closed","ping_status":"closed","template":"","meta":[],"_links":{"self":[{"href":"https:\/\/www.seguridad.gob.sv\/cna\/index.php?rest_route=\/wp\/v2\/pages\/2701"}],"collection":[{"href":"https:\/\/www.seguridad.gob.sv\/cna\/index.php?rest_route=\/wp\/v2\/pages"}],"about":[{"href":"https:\/\/www.seguridad.gob.sv\/cna\/index.php?rest_route=\/wp\/v2\/types\/page"}],"author":[{"embeddable":true,"href":"https:\/\/www.seguridad.gob.sv\/cna\/index.php?rest_route=\/wp\/v2\/users\/1"}],"replies":[{"embeddable":true,"href":"https:\/\/www.seguridad.gob.sv\/cna\/index.php?rest_route=%2Fwp%2Fv2%2Fcomments&post=2701"}],"version-history":[{"count":23,"href":"https:\/\/www.seguridad.gob.sv\/cna\/index.php?rest_route=\/wp\/v2\/pages\/2701\/revisions"}],"predecessor-version":[{"id":5876,"href":"https:\/\/www.seguridad.gob.sv\/cna\/index.php?rest_route=\/wp\/v2\/pages\/2701\/revisions\/5876"}],"wp:attachment":[{"href":"https:\/\/www.seguridad.gob.sv\/cna\/index.php?rest_route=%2Fwp%2Fv2%2Fmedia&parent=2701"}],"curies":[{"name":"wp","href":"https:\/\/api.w.org\/{rel}","templated":true}]}}