{"id":2744,"date":"2020-07-01T20:22:30","date_gmt":"2020-07-01T20:22:30","guid":{"rendered":"https:\/\/www.seguridad.gob.sv\/cna\/?page_id=2744"},"modified":"2024-08-28T15:16:04","modified_gmt":"2024-08-28T15:16:04","slug":"casa-de-recuperacion-para-alcoholicos-y-drogadictos-la-esperanza","status":"publish","type":"page","link":"https:\/\/www.seguridad.gob.sv\/cna\/?page_id=2744","title":{"rendered":"CASA DE RECUPERACI\u00d3N PARA ALCOH\u00d3LICOS Y DROGADICTOS LA ESPERANZA"},"content":{"rendered":"<div id=\"pl-2744\"  class=\"panel-layout\" ><div id=\"pg-2744-0\"  class=\"panel-grid panel-no-style\" ><div id=\"pgc-2744-0-0\"  class=\"panel-grid-cell panel-grid-cell-empty\" ><\/div><div id=\"pgc-2744-0-1\"  class=\"panel-grid-cell panel-grid-cell-mobile-last\" ><div id=\"panel-2744-0-1-0\" class=\"so-panel widget widget_media_image panel-first-child panel-last-child\" data-index=\"0\" ><img width=\"800\" height=\"336\" src=\"https:\/\/www.seguridad.gob.sv\/cna\/wp-content\/uploads\/2024\/08\/Casa-de-recuperacion-la-esperanza-y-Sello-1024x430.png\" class=\"image wp-image-5853  attachment-800x336 size-800x336\" alt=\"\" decoding=\"async\" loading=\"lazy\" style=\"max-width: 100%; height: auto;\" srcset=\"https:\/\/www.seguridad.gob.sv\/cna\/wp-content\/uploads\/2024\/08\/Casa-de-recuperacion-la-esperanza-y-Sello-1024x430.png 1024w, https:\/\/www.seguridad.gob.sv\/cna\/wp-content\/uploads\/2024\/08\/Casa-de-recuperacion-la-esperanza-y-Sello-300x126.png 300w, https:\/\/www.seguridad.gob.sv\/cna\/wp-content\/uploads\/2024\/08\/Casa-de-recuperacion-la-esperanza-y-Sello-768x323.png 768w, https:\/\/www.seguridad.gob.sv\/cna\/wp-content\/uploads\/2024\/08\/Casa-de-recuperacion-la-esperanza-y-Sello-1536x646.png 1536w, https:\/\/www.seguridad.gob.sv\/cna\/wp-content\/uploads\/2024\/08\/Casa-de-recuperacion-la-esperanza-y-Sello-2048x861.png 2048w\" sizes=\"(max-width: 800px) 100vw, 800px\" \/><\/div><\/div><div id=\"pgc-2744-0-2\"  class=\"panel-grid-cell panel-grid-cell-empty\" ><\/div><\/div><div id=\"pg-2744-1\"  class=\"panel-grid panel-no-style\" ><div id=\"pgc-2744-1-0\"  class=\"panel-grid-cell panel-grid-cell-empty\" ><\/div><\/div><div id=\"pg-2744-2\"  class=\"panel-grid panel-no-style\" ><div id=\"pgc-2744-2-0\"  class=\"panel-grid-cell\" ><div id=\"panel-2744-2-0-0\" class=\"so-panel widget widget_black-studio-tinymce widget_black_studio_tinymce panel-first-child panel-last-child\" data-index=\"1\" ><div class=\"textwidget\"><p style=\"text-align: justify;\"><span style=\"font-family: georgia, palatino, serif; font-size: 14pt;\">Estimados Hermanos y Hermanas:<\/span><\/p>\n<p style=\"text-align: justify;\"><span style=\"font-family: georgia, palatino, serif; font-size: 14pt;\">Reciban un saludo de los Misioneros del Sagrado Coraz\u00f3n de Jes\u00fas (MSC).\u00a0 Nuestra Congregaci\u00f3n religiosa naci\u00f3 en Francia en 1854 y est\u00e1 presente en El Salvador desde el a\u00f1o 1989. Nuestra misi\u00f3n principal es dar a conocer en todas partes, el Amor de Dios revelado en el Coraz\u00f3n de Cristo. Desde el inicio nos ubicamos en San Luis Mariona, en la jurisdicci\u00f3n del municipio de Cuscatancingo.<\/span><\/p>\n<p style=\"text-align: justify;\"><span style=\"font-family: georgia, palatino, serif; font-size: 14pt;\">Despu\u00e9s de ver los males del tiempo que aquejaban a la sociedad salvadore\u00f1a y de acuerdo a nuestro ideal misionero, fundamos la Casa de Recuperaci\u00f3n para alcoh\u00f3licos y drogadictos LA ESPERANZA. Esta responsabilidad recay\u00f3 en la persona del Hno. Paulino Fern\u00e1ndez (fundador), de nacionalidad espa\u00f1ola quien mostr\u00f3 desde el primer momento su preocupaci\u00f3n por la poblaci\u00f3n consumidora de bebidas alcoh\u00f3licas en los diferentes estratos sociales del pa\u00eds. A medida que \u00edbamos avanzando en el tema de las adicciones, fuimos abriendo nuestro servicio para los consumidores de otras drogas.<\/span><\/p>\n<p style=\"text-align: justify;\"><span style=\"font-family: georgia, palatino, serif; font-size: 14pt;\">A lo largo de estos a\u00f1os hemos profundizado en el tema de las adicciones y hemos desarrollado un tratamiento propio\u00a0 para la rehabilitaci\u00f3n de las personas que se han ido acercando a nosotros en busca de ayuda.<\/span><\/p>\n<p style=\"text-align: justify;\"><span style=\"font-family: georgia, palatino, serif; font-size: 14pt;\">Hemos sostenido siempre que la recuperaci\u00f3n para nosotros ha de ser con dignidad y de manera integral. Es decir, hemos considerado y tratado a las personas que nos han buscado con el mayor respeto posible y hemos valorado su dignidad humana. Nosotros hemos sido para ellos, hermanos y compa\u00f1eros en el dif\u00edcil trayecto hacia una vida nueva.\u00a0 Hemos trabajado con cada interno, las diferentes \u00e1reas del ser humano: la biol\u00f3gica, la psicol\u00f3gica, la social, la \u00e9tica y la espiritual.\u00a0<\/span><\/p>\n<p style=\"text-align: justify;\"><span style=\"font-family: georgia, palatino, serif; font-size: 14pt;\">Desde luego, no ha sido f\u00e1cil nuestro trabajo. Pero hemos procurado servir con alegr\u00eda, con entrega, capacit\u00e1ndonos, aplicando diferentes t\u00e9cnicas y recursos, aprendiendo de la experiencia y pidiendo la luz al Esp\u00edritu Santo quien hace nuevas las cosas y las personas.\u00a0<\/span><\/p>\n<p style=\"text-align: justify;\"><span style=\"font-family: georgia, palatino, serif; font-size: 14pt;\">Y seguiremos apostando por la poblaci\u00f3n que sufre adicciones. Creemos que las personas pueden salir adelante, que el ser humano tiene recursos vitales que debe desarrollar y que recibiendo la orientaci\u00f3n necesaria para enfrentar las adicciones, puede luchar y alcanzar sus metas.<\/span><\/p>\n<p style=\"text-align: justify;\"><span style=\"font-family: georgia, palatino, serif; font-size: 14pt;\">Seguimos dispuestos a abrir nuestro coraz\u00f3n y las puertas de nuestra Casa. Es posible construir otro mundo, nuevas familias y seres humanos que vuelquen toda su energ\u00eda para que los seres que les rodean y la humanidad entera, seamos\u00a0 felices y alcancemos\u00a0 nuestros sue\u00f1os.<\/span><\/p>\n<p style=\"text-align: justify;\"><span style=\"font-family: georgia, palatino, serif; font-size: 14pt;\">\u00a1S\u00ed a la vida, no a las drogas!\u00a0\u00a0\u00a0 Saludos fraternos,<\/span><\/p>\n<p style=\"text-align: justify;\"><span style=\"font-family: georgia, palatino, serif; font-size: 14pt;\">Padre Marvin Antonio Sotelo L\u00f3pez, msc<\/span><\/p>\n<\/div><\/div><\/div><\/div><div id=\"pg-2744-3\"  class=\"panel-grid panel-no-style\" ><div id=\"pgc-2744-3-0\"  class=\"panel-grid-cell\" ><div id=\"panel-2744-3-0-0\" class=\"so-panel widget widget_black-studio-tinymce widget_black_studio_tinymce panel-first-child panel-last-child\" data-index=\"2\" ><div class=\"textwidget\"><table class=\" aligncenter\" style=\"height: 467px; width: 62.4378%; border-collapse: collapse; border-style: solid; border-color: #89888c;\">\n<tbody>\n<tr style=\"height: 24px;\">\n<td style=\"width: 42.9114%; height: 24px; text-align: left;\"><span style=\"color: #000000;\"><strong><span style=\"font-family: 'times new roman', times, serif; font-size: 14pt;\">Nombre del Director:<\/span><\/strong><\/span><\/td>\n<td style=\"width: 56.7089%; text-align: left; height: 24px;\"><span style=\"font-size: 14pt;\">PADRE JORGE G\u00d3MEZ<\/span><\/td>\n<\/tr>\n<tr>\n<td style=\"width: 42.9114%; text-align: left;\"><span style=\"font-family: 'times new roman', times, serif; font-size: 14pt; color: #000000;\"><strong>Ubicaci\u00f3n:<\/strong><\/span><\/td>\n<td style=\"width: 56.7089%; text-align: left;\"><span style=\"font-size: 14pt;\">CUSCATANCINGO, SAN SALVADOR<\/span><\/td>\n<\/tr>\n<tr>\n<td style=\"width: 42.9114%; text-align: left;\"><span style=\"font-family: 'times new roman', times, serif; font-size: 14pt; color: #000000;\"><strong>Tipo de organizaci\u00f3n:<\/strong><\/span><\/td>\n<td style=\"width: 56.7089%; text-align: left;\"><span style=\"font-size: 14pt;\">ONG<\/span><\/td>\n<\/tr>\n<tr>\n<td style=\"width: 42.9114%; text-align: left;\"><span style=\"font-family: 'times new roman', times, serif; font-size: 14pt; color: #000000;\"><strong>Tipo de intervenci\u00f3n:<\/strong><\/span><\/td>\n<td style=\"width: 56.7089%; text-align: left;\"><span style=\"font-size: 14pt;\">Residencial<\/span><\/td>\n<\/tr>\n<tr>\n<td style=\"width: 42.9114%; text-align: left;\"><span style=\"font-family: 'times new roman', times, serif; font-size: 14pt; color: #000000;\"><strong>Poblaci\u00f3n a la que est\u00e1n dirigidas las intervenciones:<\/strong><\/span><\/td>\n<td style=\"width: 56.7089%; text-align: left;\"><span style=\"font-size: 14pt;\">Hombres adultos, consumidores problem\u00e1ticos de drogas<\/span><\/td>\n<\/tr>\n<tr>\n<td style=\"width: 42.9114%; text-align: left;\"><span style=\"font-family: 'times new roman', times, serif; font-size: 14pt; color: #000000;\"><strong><span style=\"font-family: 'times new roman', times, serif;\">Tel\u00e9fono de contacto:<\/span><\/strong><\/span><\/td>\n<td style=\"width: 56.7089%; text-align: left;\"><span style=\"font-size: 14pt;\">2298-7236<\/span><\/td>\n<\/tr>\n<tr style=\"height: 65px;\">\n<td style=\"width: 42.9114%; text-align: left; height: 65px;\"><span style=\"font-family: 'times new roman', times, serif; color: #000000; font-size: 14pt;\"><strong> Correo electr\u00f3nico:<\/strong><\/span><\/td>\n<td style=\"width: 56.7089%; height: 65px;\">\n<p style=\"text-align: left;\"><span style=\"font-size: 14pt; color: #0000ff;\"><a href=\"larrymontenegro15@gmail.com\">larrymontenegro15@gmail.com<\/a><\/span><\/p>\n<\/td>\n<\/tr>\n<tr>\n<td style=\"width: 42.9114%; text-align: left;\"><span style=\"font-family: 'times new roman', times, serif; color: #000000; font-size: 14pt;\"><strong>Redes Sociales:<\/strong><\/span><\/td>\n<td style=\"width: 56.7089%;\"><a href=\"https:\/\/www.facebook.com\/casarecuperacion.laesperanza\" target=\"_blank\" rel=\"noopener\"><img class=\"alignleft wp-image-1945\" src=\"https:\/\/www.seguridad.gob.sv\/cna\/wp-content\/uploads\/2019\/09\/facebook.png\" alt=\"\" width=\"93\" height=\"83\" \/><\/a><a href=\"https:\/\/www.instagram.com\/missiontoelsalvador\/\" target=\"_blank\" rel=\"noopener\">\u00a0 \u00a0\u00a0<\/a><\/td>\n<\/tr>\n<\/tbody>\n<\/table>\n<\/div><\/div><\/div><\/div><div id=\"pg-2744-4\"  class=\"panel-grid panel-no-style\" ><div id=\"pgc-2744-4-0\"  class=\"panel-grid-cell\" ><div id=\"panel-2744-4-0-0\" class=\"so-panel widget widget_media_image panel-first-child panel-last-child\" data-index=\"3\" ><img width=\"711\" height=\"534\" src=\"https:\/\/www.seguridad.gob.sv\/cna\/wp-content\/uploads\/2023\/01\/esperanza_cancha.jpg\" class=\"image wp-image-4081  attachment-full size-full\" alt=\"\" decoding=\"async\" loading=\"lazy\" style=\"max-width: 100%; height: auto;\" srcset=\"https:\/\/www.seguridad.gob.sv\/cna\/wp-content\/uploads\/2023\/01\/esperanza_cancha.jpg 711w, https:\/\/www.seguridad.gob.sv\/cna\/wp-content\/uploads\/2023\/01\/esperanza_cancha-300x225.jpg 300w\" sizes=\"(max-width: 711px) 100vw, 711px\" \/><\/div><\/div><div id=\"pgc-2744-4-1\"  class=\"panel-grid-cell\" ><div id=\"panel-2744-4-1-0\" class=\"so-panel widget widget_media_image panel-first-child panel-last-child\" data-index=\"4\" ><img width=\"711\" height=\"534\" src=\"https:\/\/www.seguridad.gob.sv\/cna\/wp-content\/uploads\/2023\/01\/esperanza_dormitorios.jpg\" class=\"image wp-image-4084  attachment-full size-full\" alt=\"\" decoding=\"async\" loading=\"lazy\" style=\"max-width: 100%; height: auto;\" srcset=\"https:\/\/www.seguridad.gob.sv\/cna\/wp-content\/uploads\/2023\/01\/esperanza_dormitorios.jpg 711w, https:\/\/www.seguridad.gob.sv\/cna\/wp-content\/uploads\/2023\/01\/esperanza_dormitorios-300x225.jpg 300w\" sizes=\"(max-width: 711px) 100vw, 711px\" \/><\/div><\/div><div id=\"pgc-2744-4-2\"  class=\"panel-grid-cell\" ><div id=\"panel-2744-4-2-0\" class=\"so-panel widget widget_media_image panel-first-child panel-last-child\" data-index=\"5\" ><img width=\"711\" height=\"534\" src=\"https:\/\/www.seguridad.gob.sv\/cna\/wp-content\/uploads\/2023\/01\/esperanza_gym.jpg\" class=\"image wp-image-4085  attachment-full size-full\" alt=\"\" decoding=\"async\" loading=\"lazy\" style=\"max-width: 100%; height: auto;\" srcset=\"https:\/\/www.seguridad.gob.sv\/cna\/wp-content\/uploads\/2023\/01\/esperanza_gym.jpg 711w, https:\/\/www.seguridad.gob.sv\/cna\/wp-content\/uploads\/2023\/01\/esperanza_gym-300x225.jpg 300w\" sizes=\"(max-width: 711px) 100vw, 711px\" \/><\/div><\/div><\/div><div id=\"pg-2744-5\"  class=\"panel-grid panel-no-style\" ><div id=\"pgc-2744-5-0\"  class=\"panel-grid-cell\" ><div id=\"panel-2744-5-0-0\" class=\"so-panel widget widget_media_video panel-first-child panel-last-child\" data-index=\"6\" ><div style=\"width:100%;\" class=\"wp-video\"><!--[if lt IE 9]><script>document.createElement('video');<\/script><![endif]-->\n<video class=\"wp-video-shortcode\" id=\"video-2744-1\" preload=\"metadata\" controls=\"controls\"><source type=\"video\/mp4\" src=\"https:\/\/www.seguridad.gob.sv\/cna\/wp-content\/uploads\/2023\/01\/TratamientoEspecializadoEnAdicciones-El-director-de-la-Comision-Nacional-@AntidrogasSV-@eloyolar-detallo-la-ejecucion-de-este-modelo-de-tratamien-1.mp4?_=1\" \/><source type=\"video\/mp4\" src=\"https:\/\/www.seguridad.gob.sv\/cna\/wp-content\/uploads\/2023\/01\/TratamientoEspecializadoEnAdicciones-El-director-de-la-Comision-Nacional-@AntidrogasSV-@eloyolar-detallo-la-ejecucion-de-este-modelo-de-tratamien-1.mp4?_=1\" \/><a href=\"https:\/\/www.seguridad.gob.sv\/cna\/wp-content\/uploads\/2023\/01\/TratamientoEspecializadoEnAdicciones-El-director-de-la-Comision-Nacional-@AntidrogasSV-@eloyolar-detallo-la-ejecucion-de-este-modelo-de-tratamien-1.mp4\">https:\/\/www.seguridad.gob.sv\/cna\/wp-content\/uploads\/2023\/01\/TratamientoEspecializadoEnAdicciones-El-director-de-la-Comision-Nacional-@AntidrogasSV-@eloyolar-detallo-la-ejecucion-de-este-modelo-de-tratamien-1.mp4<\/a><\/video><\/div><\/div><\/div><div id=\"pgc-2744-5-1\"  class=\"panel-grid-cell\" ><div id=\"panel-2744-5-1-0\" class=\"so-panel widget widget_media_video panel-first-child panel-last-child\" data-index=\"7\" ><div style=\"width:100%;\" class=\"wp-video\"><video class=\"wp-video-shortcode\" id=\"video-2744-2\" preload=\"metadata\" controls=\"controls\"><source type=\"video\/mp4\" src=\"https:\/\/www.seguridad.gob.sv\/cna\/wp-content\/uploads\/2023\/01\/TratamientoEspecializadoEnAdicciones-Las-mejoras-entregadas-esta-tarde-es-una-muestra-palp.mp4?_=2\" \/><source type=\"video\/mp4\" src=\"https:\/\/www.seguridad.gob.sv\/cna\/wp-content\/uploads\/2023\/01\/TratamientoEspecializadoEnAdicciones-Las-mejoras-entregadas-esta-tarde-es-una-muestra-palp.mp4?_=2\" \/><a href=\"https:\/\/www.seguridad.gob.sv\/cna\/wp-content\/uploads\/2023\/01\/TratamientoEspecializadoEnAdicciones-Las-mejoras-entregadas-esta-tarde-es-una-muestra-palp.mp4\">https:\/\/www.seguridad.gob.sv\/cna\/wp-content\/uploads\/2023\/01\/TratamientoEspecializadoEnAdicciones-Las-mejoras-entregadas-esta-tarde-es-una-muestra-palp.mp4<\/a><\/video><\/div><\/div><\/div><div id=\"pgc-2744-5-2\"  class=\"panel-grid-cell\" ><div id=\"panel-2744-5-2-0\" class=\"so-panel widget widget_media_video panel-first-child panel-last-child\" data-index=\"8\" ><div style=\"width:100%;\" class=\"wp-video\"><video class=\"wp-video-shortcode\" id=\"video-2744-3\" preload=\"metadata\" controls=\"controls\"><source type=\"video\/mp4\" src=\"https:\/\/www.seguridad.gob.sv\/cna\/wp-content\/uploads\/2023\/01\/TratamientoEspecializadoEnAdicciones-La-puesta-en-marcha-de-este-proyecto-incluye-protocolos-de-atencion-y-equipamiento-para-dignificar-las-condici.mp4?_=3\" \/><source type=\"video\/mp4\" src=\"https:\/\/www.seguridad.gob.sv\/cna\/wp-content\/uploads\/2023\/01\/TratamientoEspecializadoEnAdicciones-La-puesta-en-marcha-de-este-proyecto-incluye-protocolos-de-atencion-y-equipamiento-para-dignificar-las-condici.mp4?_=3\" \/><a href=\"https:\/\/www.seguridad.gob.sv\/cna\/wp-content\/uploads\/2023\/01\/TratamientoEspecializadoEnAdicciones-La-puesta-en-marcha-de-este-proyecto-incluye-protocolos-de-atencion-y-equipamiento-para-dignificar-las-condici.mp4\">https:\/\/www.seguridad.gob.sv\/cna\/wp-content\/uploads\/2023\/01\/TratamientoEspecializadoEnAdicciones-La-puesta-en-marcha-de-este-proyecto-incluye-protocolos-de-atencion-y-equipamiento-para-dignificar-las-condici.mp4<\/a><\/video><\/div><\/div><\/div><\/div><div id=\"pg-2744-6\"  class=\"panel-grid panel-no-style\" ><div id=\"pgc-2744-6-0\"  class=\"panel-grid-cell\" ><div id=\"panel-2744-6-0-0\" class=\"so-panel widget widget_black-studio-tinymce widget_black_studio_tinymce panel-first-child panel-last-child\" data-index=\"9\" ><div class=\"textwidget\"><p><a href=\"https:\/\/www.seguridad.gob.sv\/cna\/wp-content\/uploads\/2020\/07\/Denuncias-scaled.jpg\"><img class=\"size-full wp-image-2838 aligncenter\" src=\"https:\/\/www.seguridad.gob.sv\/cna\/wp-content\/uploads\/2020\/07\/Denuncias-scaled.jpg\" alt=\"\" width=\"2560\" height=\"240\" \/><\/a><\/p>\n<\/div><\/div><\/div><\/div><\/div>","protected":false},"excerpt":{"rendered":"<p>Estimados Hermanos y Hermanas: Reciban un saludo de los Misioneros del Sagrado Coraz\u00f3n de Jes\u00fas (MSC).\u00a0 Nuestra Congregaci\u00f3n religiosa naci\u00f3 en Francia en 1854 y est\u00e1 presente en El Salvador desde el a\u00f1o 1989.&#46;&#46;&#46;<\/p>\n","protected":false},"author":1,"featured_media":0,"parent":0,"menu_order":0,"comment_status":"closed","ping_status":"closed","template":"","meta":[],"_links":{"self":[{"href":"https:\/\/www.seguridad.gob.sv\/cna\/index.php?rest_route=\/wp\/v2\/pages\/2744"}],"collection":[{"href":"https:\/\/www.seguridad.gob.sv\/cna\/index.php?rest_route=\/wp\/v2\/pages"}],"about":[{"href":"https:\/\/www.seguridad.gob.sv\/cna\/index.php?rest_route=\/wp\/v2\/types\/page"}],"author":[{"embeddable":true,"href":"https:\/\/www.seguridad.gob.sv\/cna\/index.php?rest_route=\/wp\/v2\/users\/1"}],"replies":[{"embeddable":true,"href":"https:\/\/www.seguridad.gob.sv\/cna\/index.php?rest_route=%2Fwp%2Fv2%2Fcomments&post=2744"}],"version-history":[{"count":54,"href":"https:\/\/www.seguridad.gob.sv\/cna\/index.php?rest_route=\/wp\/v2\/pages\/2744\/revisions"}],"predecessor-version":[{"id":5857,"href":"https:\/\/www.seguridad.gob.sv\/cna\/index.php?rest_route=\/wp\/v2\/pages\/2744\/revisions\/5857"}],"wp:attachment":[{"href":"https:\/\/www.seguridad.gob.sv\/cna\/index.php?rest_route=%2Fwp%2Fv2%2Fmedia&parent=2744"}],"curies":[{"name":"wp","href":"https:\/\/api.w.org\/{rel}","templated":true}]}}